{"id":472,"date":"2024-07-07T20:43:44","date_gmt":"2024-07-07T18:43:44","guid":{"rendered":"https:\/\/comintern.at\/it\/?page_id=472"},"modified":"2024-07-24T20:00:04","modified_gmt":"2024-07-24T18:00:04","slug":"datenschutzerklarung","status":"publish","type":"page","link":"https:\/\/comintern.at\/it\/datenschutzerklarung\/","title":{"rendered":"Datenschutzerkl\u00e4rung"},"content":{"rendered":"\t\t<div data-elementor-type=\"wp-page\" data-elementor-id=\"472\" class=\"elementor elementor-472\" data-elementor-post-type=\"page\">\n\t\t\t\t<div class=\"elementor-element elementor-element-4bdfb1d e-flex e-con-boxed e-con e-parent\" data-id=\"4bdfb1d\" data-element_type=\"container\" data-e-type=\"container\" data-settings=\"{&quot;background_background&quot;:&quot;classic&quot;,&quot;background_motion_fx_motion_fx_scrolling&quot;:&quot;yes&quot;,&quot;background_motion_fx_translateY_effect&quot;:&quot;yes&quot;,&quot;background_motion_fx_translateY_speed&quot;:{&quot;unit&quot;:&quot;px&quot;,&quot;size&quot;:10,&quot;sizes&quot;:[]},&quot;background_motion_fx_translateY_affectedRange&quot;:{&quot;unit&quot;:&quot;%&quot;,&quot;size&quot;:&quot;&quot;,&quot;sizes&quot;:{&quot;start&quot;:0,&quot;end&quot;:100}},&quot;background_motion_fx_devices&quot;:[&quot;desktop&quot;,&quot;tablet&quot;,&quot;mobile&quot;]}\">\n\t\t\t\t\t<div class=\"e-con-inner\">\n\t\t\t\t<div class=\"elementor-element elementor-element-9aa60d3 elementor-widget elementor-widget-heading\" data-id=\"9aa60d3\" data-element_type=\"widget\" data-e-type=\"widget\" data-widget_type=\"heading.default\">\n\t\t\t\t<div class=\"elementor-widget-container\">\n\t\t\t\t\t<h1 class=\"elementor-heading-title elementor-size-default\">Datenschutz<\/h1>\t\t\t\t<\/div>\n\t\t\t\t<\/div>\n\t\t\t\t\t<\/div>\n\t\t\t\t<\/div>\n\t\t<div class=\"elementor-element elementor-element-5b41769 e-flex e-con-boxed e-con e-parent\" data-id=\"5b41769\" data-element_type=\"container\" data-e-type=\"container\" data-settings=\"{&quot;background_background&quot;:&quot;classic&quot;}\">\n\t\t\t\t\t<div class=\"e-con-inner\">\n\t\t\t\t<div class=\"elementor-element elementor-element-5a104de elementor-widget elementor-widget-heading\" data-id=\"5a104de\" data-element_type=\"widget\" data-e-type=\"widget\" data-widget_type=\"heading.default\">\n\t\t\t\t<div class=\"elementor-widget-container\">\n\t\t\t\t\t<h5 class=\"elementor-heading-title elementor-size-default\">1. Rechtsgrundlage<\/h5>\t\t\t\t<\/div>\n\t\t\t\t<\/div>\n\t\t\t\t<div class=\"elementor-element elementor-element-7c395cc elementor-widget elementor-widget-text-editor\" data-id=\"7c395cc\" data-element_type=\"widget\" data-e-type=\"widget\" data-widget_type=\"text-editor.default\">\n\t\t\t\t<div class=\"elementor-widget-container\">\n\t\t\t\t\t\t\t\t\t<p>1.1. Die EU-Datenschutz-Grundverordnung, das Datenschutzgesetz 2000 sowie das Datenschutz-Anpassungsgesetz 2018 dienen dem Recht auf Schutz personenbezogener Daten. Wir verarbeiten Ihre Daten ausschlie\u00dflich auf Grundlage der gesetzlichen Bestimmungen (DSGVO, DSG 2018, TKG 2003).<\/p>\t\t\t\t\t\t\t\t<\/div>\n\t\t\t\t<\/div>\n\t\t\t\t<div class=\"elementor-element elementor-element-9c3de42 elementor-widget elementor-widget-heading\" data-id=\"9c3de42\" data-element_type=\"widget\" data-e-type=\"widget\" data-widget_type=\"heading.default\">\n\t\t\t\t<div class=\"elementor-widget-container\">\n\t\t\t\t\t<h5 class=\"elementor-heading-title elementor-size-default\">2. Grunds\u00e4tzliches<\/h5>\t\t\t\t<\/div>\n\t\t\t\t<\/div>\n\t\t\t\t<div class=\"elementor-element elementor-element-6e6dc3c elementor-widget elementor-widget-text-editor\" data-id=\"6e6dc3c\" data-element_type=\"widget\" data-e-type=\"widget\" data-widget_type=\"text-editor.default\">\n\t\t\t\t<div class=\"elementor-widget-container\">\n\t\t\t\t\t\t\t\t\t<p>2.1. Verantwortlicher ist Martin Zinke; Portnergasse 15\/4\/40; 1220 Wien. Tel: <a href=\"tel:+436769692279\">+43 (0) 676\/969 22 79<\/a>. Mail: <a href=\"mailto:info@comintern.at\">info@comintern.at<\/a><\/p><p>2.2. Vertreter des Verantwortlichen ist Gerald Wehofer; Sorgenthalgasse 7\/1\/6; 1210 Wien. Tel: <a href=\"tel:%20+4367617737366\">+43 (0) 699\/177 37 366<\/a>. Mail: <a href=\"mailto:post@preugen.at\">post@preugen.at<\/a><\/p><p>2.3. Uns ist es ein besonderes Anliegen, alle personenbezogenen Daten, die Sie uns anvertrauen, zu sch\u00fctzen und sicher zu verwahren. In diesem Dokument erfahren Sie mehr dar\u00fcber, wie wir Ihre personenbezogenen Daten verwenden und verarbeiten.<\/p>\t\t\t\t\t\t\t\t<\/div>\n\t\t\t\t<\/div>\n\t\t\t\t<div class=\"elementor-element elementor-element-a1fc1d3 elementor-widget elementor-widget-heading\" data-id=\"a1fc1d3\" data-element_type=\"widget\" data-e-type=\"widget\" data-widget_type=\"heading.default\">\n\t\t\t\t<div class=\"elementor-widget-container\">\n\t\t\t\t\t<h5 class=\"elementor-heading-title elementor-size-default\">3. Zweckbindung, Rechtsgrundlage, Speicherdauer sowie Datenempf\u00e4nger<\/h5>\t\t\t\t<\/div>\n\t\t\t\t<\/div>\n\t\t\t\t<div class=\"elementor-element elementor-element-cd8e166 elementor-widget elementor-widget-text-editor\" data-id=\"cd8e166\" data-element_type=\"widget\" data-e-type=\"widget\" data-widget_type=\"text-editor.default\">\n\t\t\t\t<div class=\"elementor-widget-container\">\n\t\t\t\t\t\t\t\t\t<p>3.1. Die gesammelten personenbezogenen Daten ben\u00f6tigen wir zur Vertragserf\u00fcllung, Verrechnung, Geltendmachung der Vertragsanspr\u00fcche, f\u00fcr Zwecke des Kundenservice und f\u00fcr Werbezwecke. Die Daten werden hierf\u00fcr erhoben, gespeichert, verarbeitet und genutzt.<\/p><p>3.2. Die rechtlichen Grundlagen f\u00fcr die Verarbeitung von Ihren personenbezogenen Daten sind einerseits Vertragserf\u00fcllung (Onlineeinkauf), berechtigte Interessen, die Erf\u00fcllung unserer rechtlichen bzw. vertraglichen Verpflichtungen sowie andererseits Ihre Einwilligung (Kontaktformular, Newsletter, Cookies). Die Nichtbereitstellung der Daten kann unterschiedliche Folgen haben.<\/p><p>3.3. Wir verarbeiten Ihre personenbezogenen Daten (Name, Anschrift, Zahlungsdaten, sowie optional Lieferadresse, Firmenname, Telefonnummer (Mobil und\/oder Festnetz), Faxnummer) soweit erforderlich, f\u00fcr die Dauer der gesamten Gesch\u00e4ftsbeziehung (von der Anbahnung, Abwicklung bis zur Beendigung eines Vertrags) sowie dar\u00fcber hinaus gem\u00e4\u00df den gesetzlichen Aufbewahrungs- und Dokumentationspflichten, die sich u.a. aus dem Unternehmensgesetzbuch (UGB), der Bundesabgabenordnung (BAO) ergeben sowie bis zur Beendigung eines allf\u00e4lligen Rechtsstreits, fortlaufender Gew\u00e4hrleistungs- und Garantiefristen usw.<\/p><p>3.4. Im Rahmen der Betreibung unserer Websites beauftragen wir Gerald Wehofer (IT-Dienstleister), der im Zuge seiner T\u00e4tigkeiten Zugriff auf Ihre personenbezogenen Daten erlangen k\u00f6nnte, sofern dieser die Daten zur Erf\u00fcllung der jeweiligen Leistung ben\u00f6tigt. Dieser hat sich zur Einhaltung der geltenden datenschutzrechtlichen Bestimmungen uns gegen\u00fcber verpflichtet. Es wurde ein Auftragsverarbeitungsvertrag gem\u00e4\u00df Art 28 DSGVO abgeschlossen. N\u00e4here Informationen zu dem von uns beauftragten Auftragsverarbeiters k\u00f6nnen Sie unter <a href=\"mailto:info@comintern.at\">info@comintern.at<\/a> anfragen.<\/p>\t\t\t\t\t\t\t\t<\/div>\n\t\t\t\t<\/div>\n\t\t\t\t<div class=\"elementor-element elementor-element-0eadfa5 elementor-widget elementor-widget-heading\" data-id=\"0eadfa5\" data-element_type=\"widget\" data-e-type=\"widget\" data-widget_type=\"heading.default\">\n\t\t\t\t<div class=\"elementor-widget-container\">\n\t\t\t\t\t<h5 class=\"elementor-heading-title elementor-size-default\">4. Kontaktformular<\/h5>\t\t\t\t<\/div>\n\t\t\t\t<\/div>\n\t\t\t\t<div class=\"elementor-element elementor-element-b701758 elementor-widget elementor-widget-text-editor\" data-id=\"b701758\" data-element_type=\"widget\" data-e-type=\"widget\" data-widget_type=\"text-editor.default\">\n\t\t\t\t<div class=\"elementor-widget-container\">\n\t\t\t\t\t\t\t\t\t<p>4.1. Ihre Angaben inklusive pers\u00f6nlicher Daten aus unserem Kontaktformular werden zur Bearbeitung Ihrer Anfrage \u00fcber unseren eigenen Mailserver an uns \u00fcbermittelt, weiterverarbeitet und bei uns gespeichert. Diese Daten werden ohne Ihre Einverst\u00e4ndniserkl\u00e4rung nicht erhoben oder weitergegeben. Ohne diese Daten k\u00f6nnen wir Ihre Anfragen nicht bearbeiten.<br \/>4.2. Die Datenverarbeitung erfolgt auf Basis der gesetzlichen Bestimmungen des \u00a7 96 Abs. 3 TKG sowie des Art 6 Abs. 1 lit a (Einwilligung) DSGVO.<\/p>\t\t\t\t\t\t\t\t<\/div>\n\t\t\t\t<\/div>\n\t\t\t\t<div class=\"elementor-element elementor-element-0d61e8b elementor-widget elementor-widget-heading\" data-id=\"0d61e8b\" data-element_type=\"widget\" data-e-type=\"widget\" data-widget_type=\"heading.default\">\n\t\t\t\t<div class=\"elementor-widget-container\">\n\t\t\t\t\t<h5 class=\"elementor-heading-title elementor-size-default\">5. Newsletter<\/h5>\t\t\t\t<\/div>\n\t\t\t\t<\/div>\n\t\t\t\t<div class=\"elementor-element elementor-element-76f1da8 elementor-widget elementor-widget-text-editor\" data-id=\"76f1da8\" data-element_type=\"widget\" data-e-type=\"widget\" data-widget_type=\"text-editor.default\">\n\t\t\t\t<div class=\"elementor-widget-container\">\n\t\t\t\t\t\t\t\t\t<p>5.1. Sie k\u00f6nnen sich auf der Website f\u00fcr unseren Newsletter anmelden, dies erfolgt im Double Opt-In-Verfahren. Sie erhalten nach der Anmeldung eine E-Mail, in der Sie um die Best\u00e4tigung Ihrer Anmeldung ersucht werden. Ohne die Bekanntgabe dieser Daten ist die \u00dcbermittlung unseres Newsletters nicht m\u00f6glich. Sie k\u00f6nnen sich vom Newsletter abmelden, indem Sie den Abmelde-Link am Ende jedes Newsletters bet\u00e4tigen.<\/p><p>5.2. F\u00fcr den Versand unseres Newsletters beauftragen wir Auftragsverarbeiter. Diese haben sich zur Einhaltung der geltenden datenschutzrechtlichen Bestimmungen uns gegen\u00fcber verpflichtet. Es wurde ein Auftragsverarbeitungsvertrag gem\u00e4\u00df Art 28 DSGVO abgeschlossen. N\u00e4here Informationen zu den von uns beauftragten Auftragsverarbeitern k\u00f6nnen Sie unter <a href=\"mailto:info@comintern.at\">info@comintern.at<\/a> anfragen.<\/p><p>5.3. Die Datenverarbeitung erfolgt auf Basis der gesetzlichen Bestimmungen des \u00a7 96 Abs. 3 TKG sowie des Art 6 Abs. 1 lit a (Einwilligung) DSGVO.<\/p>\t\t\t\t\t\t\t\t<\/div>\n\t\t\t\t<\/div>\n\t\t\t\t<div class=\"elementor-element elementor-element-20fd672 elementor-widget elementor-widget-heading\" data-id=\"20fd672\" data-element_type=\"widget\" data-e-type=\"widget\" data-widget_type=\"heading.default\">\n\t\t\t\t<div class=\"elementor-widget-container\">\n\t\t\t\t\t<h5 class=\"elementor-heading-title elementor-size-default\">6. Onlineeinkauf<\/h5>\t\t\t\t<\/div>\n\t\t\t\t<\/div>\n\t\t\t\t<div class=\"elementor-element elementor-element-0cbdd9e elementor-widget elementor-widget-text-editor\" data-id=\"0cbdd9e\" data-element_type=\"widget\" data-e-type=\"widget\" data-widget_type=\"text-editor.default\">\n\t\t\t\t<div class=\"elementor-widget-container\">\n\t\t\t\t\t\t\t\t\t<p>6.1. Wir weisen darauf hin, dass zum Zweck des einfacheren Einkaufsvorganges und zur sp\u00e4teren Vertragsabwicklung vom Webshop-Betreiber, Martin Zinke, im Rahmen von Cookies die IP-Daten des Anschlussinhabers gespeichert werden, ebenso wie Name, Anschrift, Zahlungsdaten, sowie optional Lieferadresse, Firmenname, Telefonnummer (Mobil und\/oder Festnetz) und Faxnummer des K\u00e4ufers. Dar\u00fcber hinaus werden zum Zweck der Vertragsabwicklung folgende Daten auch bei uns gespeichert: Name, Anschrift, Zahlungsdaten, sowie optional Lieferadresse, Firmenname, Telefonnummer (Mobil und\/oder Festnetz), Faxnummer. Die von Ihnen bereit gestellten Daten sind zur Vertragserf\u00fcllung bzw. zur Durchf\u00fchrung vorvertraglicher Ma\u00dfnahmen erforderlich. Ohne diese Daten k\u00f6nnen wir den Vertrag mit Ihnen nicht abschlie\u00dfen.<\/p><p>6.2. Eine \u00dcbermittlung der Daten Name, Anschrift, Zahlungsdaten, sowie optional Lieferadresse, Firmenname, Telefonnummer (Mobil und\/oder Festnetz) erfolgt an (z.B. die abwickelnden Bankinstitute\/Zahlungsdienstleister) zum Zweck der Abbuchung des Einkaufspreises, an das von uns beauftragte Transportunternehmen\/Versandunternehmen zum Zweck der Zustellung der Ware sowie an unseren Steuerberater zum Zweck der Erf\u00fcllung unserer steuerrechtlichen Verpflichtungen. Diese haben sich zur Einhaltung der geltenden datenschutzrechtlichen Bestimmungen uns gegen\u00fcber verpflichtet. Es wurde ein Auftragsverarbeitungsvertrag gem\u00e4\u00df Art 28 DSGVO abgeschlossen. N\u00e4here Informationen zu den von uns beauftragten Auftragsverarbeitern k\u00f6nnen Sie unter <a href=\"mailto:info@comintern.at\">info@comintern.at<\/a> anfragen.<\/p><p>6.3. Die Datenverarbeitung erfolgt auf Basis der gesetzlichen Bestimmungen des \u00a7 96 Abs. 3 TKG sowie des Art 6 DSGVO (insbesondere Einwilligung und\/oder Notwendigkeit der Vertragserf\u00fcllung).<\/p>\t\t\t\t\t\t\t\t<\/div>\n\t\t\t\t<\/div>\n\t\t\t\t<div class=\"elementor-element elementor-element-3546273 elementor-widget elementor-widget-heading\" data-id=\"3546273\" data-element_type=\"widget\" data-e-type=\"widget\" data-widget_type=\"heading.default\">\n\t\t\t\t<div class=\"elementor-widget-container\">\n\t\t\t\t\t<h5 class=\"elementor-heading-title elementor-size-default\">7. Cookies, andere Tracking Tools sowie Web-Analyse<\/h5>\t\t\t\t<\/div>\n\t\t\t\t<\/div>\n\t\t\t\t<div class=\"elementor-element elementor-element-55d2cde elementor-widget elementor-widget-text-editor\" data-id=\"55d2cde\" data-element_type=\"widget\" data-e-type=\"widget\" data-widget_type=\"text-editor.default\">\n\t\t\t\t<div class=\"elementor-widget-container\">\n\t\t\t\t\t\t\t\t\t<p>7.1. Cookies, andere Tracking-Technologien sowie Funktionen des Webanalysedienstes Google Analytics (Google Inc, 1600 Amphitheatre Parkway Mountain View, CA 94043, USA) k\u00f6nnen auf unserer Internetplattform auf vielf\u00e4ltige Art und Weise zum Einsatz kommen. Cookies sind kleine Textinformationen, die eine Wiedererkennung des Nutzers und eine Analyse Ihrer Nutzung unserer Websites m\u00f6glich machen. Die dadurch erzeugten Informationen werden auf den Server des Anbieters \u00fcbertragen und dort gespeichert. Sie dienen dazu, unsere Internetpr\u00e4senz insgesamt nutzerfreundlicher, effektiver sowie sicherer zu machen. Zudem dienen Cookies zur Messung der H\u00e4ufigkeit von Seitenaufrufen und zur allgemeinen Navigation.<\/p><p>7.2. Durch die Nutzung unserer Website willigen Sie damit ein, dass wir Cookies setzen. Sie k\u00f6nnen in Ihren Browsereinstellungen die Annahme von Cookies verweigern. Wie dies im Einzelnen funktioniert, entnehmen Sie bitte der Anleitung Ihres Browser-Herstellers. Wenn Sie sich gegen bestimmte technische und\/oder funktionelle Cookies entscheiden, k\u00f6nnte die Funktionalit\u00e4t unserer Website eventuell eingeschr\u00e4nkt werden. Einige Cookies bleiben auf Ihrem Endger\u00e4t gespeichert, bis Sie diese l\u00f6schen.<\/p><p>7.3. Wir haben mit dem Anbieter einen entsprechenden Vertrag zur Auftragsdatenverarbeitung abgeschlossen. Diese haben sich zur Einhaltung der geltenden datenschutzrechtlichen Bestimmungen uns gegen\u00fcber verpflichtet. N\u00e4here Informationen zu den von uns beauftragten Auftragsverarbeitern k\u00f6nnen Sie unter <a href=\"mailto:info@comintern.at\">info@comintern.at<\/a> anfragen.<\/p><p>7.4. Ihre IP-Adresse wird erfasst, aber umgehend durch L\u00f6schung der letzten 8 Bit pseudonymisiert. Dadurch ist nur mehr eine grobe Lokalisierung m\u00f6glich.<\/p><p>7.5. Die Beziehung zum Webanalyseanbieter basiert auf \u00a7 15 Abs.3 TMG bzw. Art. 6 Abs. 1 lit. f DSGVO. N\u00e4here Informationen zu Nutzungsbedingungen und Datenschutz finden Sie unter https:\/\/www.google.com\/analytics\/terms\/de.html bzw. unter https:\/\/policies.google.com\/?hl=de.<\/p><p>7.6. Die Datenverarbeitung erfolgt auf Basis der gesetzlichen Bestimmungen des \u00a7 96 Abs. 3 TKG sowie des Art 6 DSGVO (insbesondere Einwilligung). Da uns die Privatsph\u00e4re unserer Nutzer wichtig ist, werden die Nutzerdaten pseudonymisiert.<\/p>\t\t\t\t\t\t\t\t<\/div>\n\t\t\t\t<\/div>\n\t\t\t\t<div class=\"elementor-element elementor-element-6877d6c elementor-widget elementor-widget-heading\" data-id=\"6877d6c\" data-element_type=\"widget\" data-e-type=\"widget\" data-widget_type=\"heading.default\">\n\t\t\t\t<div class=\"elementor-widget-container\">\n\t\t\t\t\t<h5 class=\"elementor-heading-title elementor-size-default\">8. Einwilligung und Recht auf Widerruf<\/h5>\t\t\t\t<\/div>\n\t\t\t\t<\/div>\n\t\t\t\t<div class=\"elementor-element elementor-element-3f46c44 elementor-widget elementor-widget-text-editor\" data-id=\"3f46c44\" data-element_type=\"widget\" data-e-type=\"widget\" data-widget_type=\"text-editor.default\">\n\t\t\t\t<div class=\"elementor-widget-container\">\n\t\t\t\t\t\t\t\t\t<p>8.1. Ist f\u00fcr die Verarbeitung Ihrer Daten Ihre Zustimmung notwendig, verarbeiten wir diese erst nach Ihrer ausdr\u00fccklichen Zustimmung.<\/p><p>8.2. Grunds\u00e4tzlich verarbeiten wir keine Daten minderj\u00e4hriger Personen und sind dazu auch nicht befugt. Mit der Abgabe Ihrer Zustimmung best\u00e4tigen Sie, dass Sie das 14. Lebensjahr vollendet haben oder die Zustimmung Ihres gesetzlichen Vertreters vorliegt.<\/p><p>8.3. Ihre Zustimmung k\u00f6nnen Sie jederzeit unter folgender E-Mail Adresse widerrufen: <a href=\"mailto:info@comintern.at\">info@comintern.at<\/a>. In einem solchen Fall werden die bisher \u00fcber Sie gespeicherten Daten anonymisiert und in weiterer Folge lediglich f\u00fcr statistische Zwecke ohne Personenbezug weiterverwendet. Mittels des Widerrufs der Zustimmung wird die Rechtm\u00e4\u00dfigkeit der aufgrund der Zustimmung bis zum Widerruf erfolgten Verarbeitung nicht ber\u00fchrt.<\/p>\t\t\t\t\t\t\t\t<\/div>\n\t\t\t\t<\/div>\n\t\t\t\t<div class=\"elementor-element elementor-element-5892051 elementor-widget elementor-widget-heading\" data-id=\"5892051\" data-element_type=\"widget\" data-e-type=\"widget\" data-widget_type=\"heading.default\">\n\t\t\t\t<div class=\"elementor-widget-container\">\n\t\t\t\t\t<h5 class=\"elementor-heading-title elementor-size-default\">9. Datensicherheit<\/h5>\t\t\t\t<\/div>\n\t\t\t\t<\/div>\n\t\t\t\t<div class=\"elementor-element elementor-element-d819491 elementor-widget elementor-widget-text-editor\" data-id=\"d819491\" data-element_type=\"widget\" data-e-type=\"widget\" data-widget_type=\"text-editor.default\">\n\t\t\t\t<div class=\"elementor-widget-container\">\n\t\t\t\t\t\t\t\t\t<p>9.1. Martin Zinke setzt technische und organisatorische Sicherheitsma\u00dfnahmen ein, um die gespeicherten personenbezogenen Daten gegen zuf\u00e4llige oder vors\u00e4tzliche Manipulation, Verlust oder Zerst\u00f6rung und gegen den Zugriff unberechtigter Personen zu sch\u00fctzen. Unsere Sicherheitsma\u00dfnahmen werden entsprechend des technischen Fortschritts fortlaufend verbessert.<\/p>\t\t\t\t\t\t\t\t<\/div>\n\t\t\t\t<\/div>\n\t\t\t\t<div class=\"elementor-element elementor-element-5d4fcff elementor-widget elementor-widget-heading\" data-id=\"5d4fcff\" data-element_type=\"widget\" data-e-type=\"widget\" data-widget_type=\"heading.default\">\n\t\t\t\t<div class=\"elementor-widget-container\">\n\t\t\t\t\t<h5 class=\"elementor-heading-title elementor-size-default\">\n10. Ihre Rechte<\/h5>\t\t\t\t<\/div>\n\t\t\t\t<\/div>\n\t\t\t\t<div class=\"elementor-element elementor-element-cd99cf1 elementor-widget elementor-widget-text-editor\" data-id=\"cd99cf1\" data-element_type=\"widget\" data-e-type=\"widget\" data-widget_type=\"text-editor.default\">\n\t\t\t\t<div class=\"elementor-widget-container\">\n\t\t\t\t\t\t\t\t\t<p>10.1. Sie haben jederzeit das Recht auf Auskunft seitens des Verantwortlichen Martin Zinke; Portnergasse 15\/4\/40; 1220 Wien. Tel: <a href=\"tel:+436769692279\">+43 (0) 676\/969 22 79<\/a>. Mail:\u00a0<a href=\"mailto:info@comintern.at\">info@comintern.at<\/a> \u00fcber die betreffenden personenbezogenen Daten. Soweit keine gesetzliche Aufbewahrungspflicht besteht, haben Sie das Recht auf L\u00f6schung dieser Daten sowie Widerspruch gegen die Verarbeitung. Ferner haben Sie das Recht auf Berichtigung der Daten sowie auf Einschr\u00e4nkung der Verarbeitung, auf Daten\u00fcbertragbarkeit sowie auf Beschwerde bei der \u00d6sterreichischen Datenschutzbeh\u00f6rde (Wickenburggasse 8-10, 1080 Wien, E-Mail: dsb@dsb.gv.at).<\/p><p>10.2. Wenden Sie sich bez\u00fcglich Ihrer Rechte bitte an uns unter\u00a0<a href=\"mailto:info@comintern.at\">info@comintern.at<\/a> oder schreiben Sie an: Martin Zinke; Portnergasse 15\/4\/40; 1220 Wien.<\/p>\t\t\t\t\t\t\t\t<\/div>\n\t\t\t\t<\/div>\n\t\t\t\t\t<\/div>\n\t\t\t\t<\/div>\n\t\t\t\t<\/div>\n\t\t","protected":false},"excerpt":{"rendered":"<p>Datenschutz 1. Rechtsgrundlage 1.1. Die EU-Datenschutz-Grundverordnung, das Datenschutzgesetz 2000 sowie das Datenschutz-Anpassungsgesetz 2018 dienen dem Recht auf Schutz personenbezogener Daten. Wir verarbeiten Ihre Daten ausschlie\u00dflich auf Grundlage der gesetzlichen Bestimmungen (DSGVO, DSG 2018, TKG 2003). 2. Grunds\u00e4tzliches 2.1. Verantwortlicher ist Martin Zinke; Portnergasse 15\/4\/40; 1220 Wien. Tel: +43 (0) 676\/969 22 79. Mail: info@comintern.at 2.2. [&hellip;]<\/p>\n","protected":false},"author":1,"featured_media":0,"parent":0,"menu_order":0,"comment_status":"closed","ping_status":"closed","template":"","meta":{"footnotes":""},"class_list":["post-472","page","type-page","status-publish","hentry"],"yoast_head":"<!-- This site is optimized with the Yoast SEO plugin v27.3 - https:\/\/yoast.com\/product\/yoast-seo-wordpress\/ -->\n<title>Datenschutzerkl\u00e4rung - ComIntern - Computer und Internet<\/title>\n<meta name=\"description\" content=\"Erfahrt wie ComIntern EDV-Dienstleistung in Wien eure Daten sch\u00fctzt. Transparente Informationen zur Datenerhebung, Verarbeitung und Nutzung.\" \/>\n<meta name=\"robots\" content=\"index, follow, max-snippet:-1, max-image-preview:large, max-video-preview:-1\" \/>\n<link rel=\"canonical\" href=\"https:\/\/comintern.at\/it\/datenschutzerklarung\/\" \/>\n<meta property=\"og:locale\" content=\"de_DE\" \/>\n<meta property=\"og:type\" content=\"article\" \/>\n<meta property=\"og:title\" content=\"Datenschutzerkl\u00e4rung - ComIntern - Computer und Internet\" \/>\n<meta property=\"og:description\" content=\"Erfahrt wie ComIntern EDV-Dienstleistung in Wien eure Daten sch\u00fctzt. Transparente Informationen zur Datenerhebung, Verarbeitung und Nutzung.\" \/>\n<meta property=\"og:url\" content=\"https:\/\/comintern.at\/it\/datenschutzerklarung\/\" \/>\n<meta property=\"og:site_name\" content=\"ComIntern - Computer und Internet\" \/>\n<meta property=\"article:modified_time\" content=\"2024-07-24T18:00:04+00:00\" \/>\n<meta name=\"twitter:card\" content=\"summary_large_image\" \/>\n<meta name=\"twitter:label1\" content=\"Gesch\u00e4tzte Lesezeit\" \/>\n\t<meta name=\"twitter:data1\" content=\"8 Minuten\" \/>\n<script type=\"application\/ld+json\" class=\"yoast-schema-graph\">{\"@context\":\"https:\\\/\\\/schema.org\",\"@graph\":[{\"@type\":\"WebPage\",\"@id\":\"https:\\\/\\\/comintern.at\\\/it\\\/datenschutzerklarung\\\/\",\"url\":\"https:\\\/\\\/comintern.at\\\/it\\\/datenschutzerklarung\\\/\",\"name\":\"Datenschutzerkl\u00e4rung - ComIntern - Computer und Internet\",\"isPartOf\":{\"@id\":\"https:\\\/\\\/comintern.at\\\/it\\\/#website\"},\"datePublished\":\"2024-07-07T18:43:44+00:00\",\"dateModified\":\"2024-07-24T18:00:04+00:00\",\"description\":\"Erfahrt wie ComIntern EDV-Dienstleistung in Wien eure Daten sch\u00fctzt. Transparente Informationen zur Datenerhebung, Verarbeitung und Nutzung.\",\"breadcrumb\":{\"@id\":\"https:\\\/\\\/comintern.at\\\/it\\\/datenschutzerklarung\\\/#breadcrumb\"},\"inLanguage\":\"de-AT\",\"potentialAction\":[{\"@type\":\"ReadAction\",\"target\":[\"https:\\\/\\\/comintern.at\\\/it\\\/datenschutzerklarung\\\/\"]}]},{\"@type\":\"BreadcrumbList\",\"@id\":\"https:\\\/\\\/comintern.at\\\/it\\\/datenschutzerklarung\\\/#breadcrumb\",\"itemListElement\":[{\"@type\":\"ListItem\",\"position\":1,\"name\":\"Startseite\",\"item\":\"https:\\\/\\\/comintern.at\\\/it\\\/\"},{\"@type\":\"ListItem\",\"position\":2,\"name\":\"Datenschutzerkl\u00e4rung\"}]},{\"@type\":\"WebSite\",\"@id\":\"https:\\\/\\\/comintern.at\\\/it\\\/#website\",\"url\":\"https:\\\/\\\/comintern.at\\\/it\\\/\",\"name\":\"ComIntern - Computer und Internet\",\"description\":\"EDV-Dienstleistung, Homepages und SEO-Optimierung f\u00fcr Klein- und Mittelbietriebe im Raum Wien.\",\"publisher\":{\"@id\":\"https:\\\/\\\/comintern.at\\\/it\\\/#organization\"},\"potentialAction\":[{\"@type\":\"SearchAction\",\"target\":{\"@type\":\"EntryPoint\",\"urlTemplate\":\"https:\\\/\\\/comintern.at\\\/it\\\/?s={search_term_string}\"},\"query-input\":{\"@type\":\"PropertyValueSpecification\",\"valueRequired\":true,\"valueName\":\"search_term_string\"}}],\"inLanguage\":\"de-AT\"},{\"@type\":\"Organization\",\"@id\":\"https:\\\/\\\/comintern.at\\\/it\\\/#organization\",\"name\":\"ComIntern - Computer und Internet\",\"url\":\"https:\\\/\\\/comintern.at\\\/it\\\/\",\"logo\":{\"@type\":\"ImageObject\",\"inLanguage\":\"de-AT\",\"@id\":\"https:\\\/\\\/comintern.at\\\/it\\\/#\\\/schema\\\/logo\\\/image\\\/\",\"url\":\"https:\\\/\\\/comintern.at\\\/it\\\/wp-content\\\/uploads\\\/2024\\\/07\\\/ComIntern_Logo_2022_750.png\",\"contentUrl\":\"https:\\\/\\\/comintern.at\\\/it\\\/wp-content\\\/uploads\\\/2024\\\/07\\\/ComIntern_Logo_2022_750.png\",\"width\":1500,\"height\":750,\"caption\":\"ComIntern - Computer und Internet\"},\"image\":{\"@id\":\"https:\\\/\\\/comintern.at\\\/it\\\/#\\\/schema\\\/logo\\\/image\\\/\"}}]}<\/script>\n<!-- \/ Yoast SEO plugin. -->","yoast_head_json":{"title":"Datenschutzerkl\u00e4rung - ComIntern - Computer und Internet","description":"Erfahrt wie ComIntern EDV-Dienstleistung in Wien eure Daten sch\u00fctzt. Transparente Informationen zur Datenerhebung, Verarbeitung und Nutzung.","robots":{"index":"index","follow":"follow","max-snippet":"max-snippet:-1","max-image-preview":"max-image-preview:large","max-video-preview":"max-video-preview:-1"},"canonical":"https:\/\/comintern.at\/it\/datenschutzerklarung\/","og_locale":"de_DE","og_type":"article","og_title":"Datenschutzerkl\u00e4rung - ComIntern - Computer und Internet","og_description":"Erfahrt wie ComIntern EDV-Dienstleistung in Wien eure Daten sch\u00fctzt. Transparente Informationen zur Datenerhebung, Verarbeitung und Nutzung.","og_url":"https:\/\/comintern.at\/it\/datenschutzerklarung\/","og_site_name":"ComIntern - Computer und Internet","article_modified_time":"2024-07-24T18:00:04+00:00","twitter_card":"summary_large_image","twitter_misc":{"Gesch\u00e4tzte Lesezeit":"8 Minuten"},"schema":{"@context":"https:\/\/schema.org","@graph":[{"@type":"WebPage","@id":"https:\/\/comintern.at\/it\/datenschutzerklarung\/","url":"https:\/\/comintern.at\/it\/datenschutzerklarung\/","name":"Datenschutzerkl\u00e4rung - ComIntern - Computer und Internet","isPartOf":{"@id":"https:\/\/comintern.at\/it\/#website"},"datePublished":"2024-07-07T18:43:44+00:00","dateModified":"2024-07-24T18:00:04+00:00","description":"Erfahrt wie ComIntern EDV-Dienstleistung in Wien eure Daten sch\u00fctzt. Transparente Informationen zur Datenerhebung, Verarbeitung und Nutzung.","breadcrumb":{"@id":"https:\/\/comintern.at\/it\/datenschutzerklarung\/#breadcrumb"},"inLanguage":"de-AT","potentialAction":[{"@type":"ReadAction","target":["https:\/\/comintern.at\/it\/datenschutzerklarung\/"]}]},{"@type":"BreadcrumbList","@id":"https:\/\/comintern.at\/it\/datenschutzerklarung\/#breadcrumb","itemListElement":[{"@type":"ListItem","position":1,"name":"Startseite","item":"https:\/\/comintern.at\/it\/"},{"@type":"ListItem","position":2,"name":"Datenschutzerkl\u00e4rung"}]},{"@type":"WebSite","@id":"https:\/\/comintern.at\/it\/#website","url":"https:\/\/comintern.at\/it\/","name":"ComIntern - Computer und Internet","description":"EDV-Dienstleistung, Homepages und SEO-Optimierung f\u00fcr Klein- und Mittelbietriebe im Raum Wien.","publisher":{"@id":"https:\/\/comintern.at\/it\/#organization"},"potentialAction":[{"@type":"SearchAction","target":{"@type":"EntryPoint","urlTemplate":"https:\/\/comintern.at\/it\/?s={search_term_string}"},"query-input":{"@type":"PropertyValueSpecification","valueRequired":true,"valueName":"search_term_string"}}],"inLanguage":"de-AT"},{"@type":"Organization","@id":"https:\/\/comintern.at\/it\/#organization","name":"ComIntern - Computer und Internet","url":"https:\/\/comintern.at\/it\/","logo":{"@type":"ImageObject","inLanguage":"de-AT","@id":"https:\/\/comintern.at\/it\/#\/schema\/logo\/image\/","url":"https:\/\/comintern.at\/it\/wp-content\/uploads\/2024\/07\/ComIntern_Logo_2022_750.png","contentUrl":"https:\/\/comintern.at\/it\/wp-content\/uploads\/2024\/07\/ComIntern_Logo_2022_750.png","width":1500,"height":750,"caption":"ComIntern - Computer und Internet"},"image":{"@id":"https:\/\/comintern.at\/it\/#\/schema\/logo\/image\/"}}]}},"_links":{"self":[{"href":"https:\/\/comintern.at\/it\/wp-json\/wp\/v2\/pages\/472","targetHints":{"allow":["GET"]}}],"collection":[{"href":"https:\/\/comintern.at\/it\/wp-json\/wp\/v2\/pages"}],"about":[{"href":"https:\/\/comintern.at\/it\/wp-json\/wp\/v2\/types\/page"}],"author":[{"embeddable":true,"href":"https:\/\/comintern.at\/it\/wp-json\/wp\/v2\/users\/1"}],"replies":[{"embeddable":true,"href":"https:\/\/comintern.at\/it\/wp-json\/wp\/v2\/comments?post=472"}],"version-history":[{"count":101,"href":"https:\/\/comintern.at\/it\/wp-json\/wp\/v2\/pages\/472\/revisions"}],"predecessor-version":[{"id":4005,"href":"https:\/\/comintern.at\/it\/wp-json\/wp\/v2\/pages\/472\/revisions\/4005"}],"wp:attachment":[{"href":"https:\/\/comintern.at\/it\/wp-json\/wp\/v2\/media?parent=472"}],"curies":[{"name":"wp","href":"https:\/\/api.w.org\/{rel}","templated":true}]}}